{"id":418,"date":"2024-06-29T10:21:40","date_gmt":"2024-06-29T10:21:40","guid":{"rendered":"https:\/\/www.cellinifirenze.edu.it\/?page_id=418"},"modified":"2025-06-26T11:50:40","modified_gmt":"2025-06-26T11:50:40","slug":"celtor","status":"publish","type":"page","link":"https:\/\/www.cellinifirenze.edu.it\/index.php\/celtor\/","title":{"rendered":"Celtor"},"content":{"rendered":"<h1 style=\"text-align: center;\">Celtor 20<\/h1>\n<p><a href=\"https:\/\/www.cellinifirenze.edu.it\/wp-content\/uploads\/2025\/06\/AS-24-25-Celtor-N\u00b020.pdf\"><img loading=\"lazy\" decoding=\"async\" class=\"alignleft wp-image-1301 size-medium\" src=\"https:\/\/www.cellinifirenze.edu.it\/wp-content\/uploads\/2025\/06\/Copertina_Celtor_20-216x300.webp\" alt=\"Copertina_Celtor_20\" width=\"216\" height=\"300\" srcset=\"https:\/\/www.cellinifirenze.edu.it\/wp-content\/uploads\/2025\/06\/Copertina_Celtor_20-216x300.webp 216w, https:\/\/www.cellinifirenze.edu.it\/wp-content\/uploads\/2025\/06\/Copertina_Celtor_20-180x250.webp 180w, https:\/\/www.cellinifirenze.edu.it\/wp-content\/uploads\/2025\/06\/Copertina_Celtor_20.webp 648w\" sizes=\"auto, (max-width: 216px) 100vw, 216px\" \/><\/a><\/p>\n<p>Caro lettore,<br \/>\nse stai leggendo queste parole, vuol dire che stringi fra le mani o osservi sul sito la 20esima edizione del Celtor, il giornale che ormai da molto tempo lascia spazio alle alunne e agli alunni di raccontare e raccontarsi.<br \/>\nPer festeggiare questo importante anniversario abbiamo fatto un tuffo nel passato per risalire all\u2019origine, e immersi fra i ricordiabbiamo pensato a quanto e\u0300 importante la memoria, rendendola il tema di questa edizione.<br \/>\nE\u0300 fondamentale ricordare per tenere vive e impresse esperienze, curiosita\u0300 e perche\u0301 no, anche persone importanti, come la fondatrice di questa rivista, la Professoressa Manuela Belardini, venuta a mancare lo scorso anno e che ritroviamo ritratta in copertina dalla Prof.ssa Gigliola Gigli. Di lei teniamo vivo il ricordo e portiamo avanti il suo amato progetto. La memoria pero\u0300 non e\u0300 solo la capacita\u0300 di poter ricordare, ma anche uno strumento che ci aiuta a distinguerci, a renderci diversi. Ci permette di avere una personalita\u0300 unica, di avere preferenze, come quelle musicali, per ognuno differenti, sempre importanti che spa-ziano di genere in genere: dal cantautorato italiano con la penna di De Andre\u0300, del quale celebriamo l\u2019anniversario di un album, al rock progressivo dei Pink Floyd.<br \/>\nAbbiamo deciso di rendere omaggio a personaggi che hanno lasciato un segno e ispirato generazioni con la loro arte, nell\u2019am- bito del cinema per esempio, con articoli dedicati a due dei maggiori registi italiani: Michelangelo Antonioni, con la sua inco- municabilita\u0300, e Sergio Leone, maestro del genere western, e un approfondimento tutto speciale per il cinema meno conosciuto di Chantal Akerman.<br \/>\nIn questo numero, vogliamo raccontare anche la storia del nostro Istituto dagli inizi fino ad oggi.<br \/>\nL\u2019essenza della nostra scuola, pero\u0300, non rimane solo tra le mura scolastiche, ma la portiamo con noi ovunque andiamo,specialmente nelle uscite, luoghi ideali per creare ricordi, come a Roma, Milano e Pian Castagnaio, dove e\u0300 stata premiata la nostra rivista!<br \/>\nAnche quest\u2019anno troverete nel numero il Docu-Forum, un momento collettivo di pausa, in cui pero\u0300 la mente non si ferma.<br \/>\nI ricordi possono essere belli o brutti, una forma di questi sono i sogni e gli incubi, che restano nella nostra mente quandoci svegliamo e ai quali abbiamo dedicato alcune delle nostre pagine. C\u2019e\u0300 chi sogna a colori e chi in bianco e nero, come l\u2019at- trice e cantante francese Jane Birkin, icona di stile, per la quale e\u0300 stata progettata una delle piu\u0300 celebri borse della storia: ne parliamo nelle pagine di moda.<br \/>\nFin dall\u2019antichita\u0300 abbiamo cercato un modo per diffondere i nostri pensieri e le nostre emozioni, giungendo alla scrittura, ilprincipale metodo per lasciare un segno. Ancora oggi la utilizziamo con passione, specialmente nella stesura di poesie, chespesso nascono da un ricordo, un frammento di tempo che torna a vivere nelle nostre memorie e che riesce a esprimere i nostri sentimenti, che si concretizzano nell\u2019esatto momento in cui le incidiamo su carta. Con la stessa carta da bambini ci dilettavamo facendo degli origami, attenti a ricordarci i passaggi per realizzarli; noi per sicurezza li abbiamo riportati su una colorata pagina delle nostre.<br \/>\nI ricordi sono infiniti e sta a noi crearne di nuovi, magari cercandoli nelle stelle, le stesse che abbiamo osservato per scrivere l\u2019oroscopo nelle pagine finali, vicino agli immancabili giochi.<br \/>\nEd eccoci giunti alla fine, vi lasciamo al Celtor augurandovi tanto divertimento con la speranza che sia di vostro gradimento, quanto lo e\u0300 stato per noi farlo. E magari fra qualche anno, quando per caso ritroverete questo giornale, vi torneranno in mente tutti i ricordi che avete condiviso tra i banchi: le amicizie, i momenti insieme e i pomeriggi in C01.<\/p>\n<p>S. Chiti, E. Pecchioli, B. Tommasone, 4M.<\/p>\n<p style=\"text-align: center;\"><a href=\"https:\/\/www.cellinifirenze.edu.it\/wp-content\/uploads\/2025\/06\/AS-24-25-Celtor-N%C2%B020.pdf\"><strong>Scarica la rivista<\/strong><\/a><\/p>\n<p>&nbsp;<\/p>\n<p>&nbsp;<\/p>\n<h2 style=\"text-align: center;\">Archivio<\/h2>\n<p>&nbsp;<\/p>\n<p><a href=\"https:\/\/www.cellinifirenze.edu.it\/wp-content\/uploads\/2024\/06\/Celtor_19.pdf\"><img loading=\"lazy\" decoding=\"async\" class=\"wp-image-375 size-thumbnail alignleft\" src=\"https:\/\/www.cellinifirenze.edu.it\/wp-content\/uploads\/2024\/06\/Immagine-Celtor-per-articoli-150x150.webp\" alt=\"Celtor\" width=\"150\" height=\"150\" srcset=\"https:\/\/www.cellinifirenze.edu.it\/wp-content\/uploads\/2024\/06\/Immagine-Celtor-per-articoli-150x150.webp 150w, https:\/\/www.cellinifirenze.edu.it\/wp-content\/uploads\/2024\/06\/Immagine-Celtor-per-articoli-280x280.webp 280w\" sizes=\"auto, (max-width: 150px) 100vw, 150px\" \/><\/a><strong>Celtor N\u00b019 \u2013 <\/strong>Dedichiamo questa pubblicazione alla Professoressa Manuela Belardini, insegnante amatissima venuta a mancare dopo lunga malattia. Fondatrice e direttrice del Celtor, a lei va la nostra piu\u0300 sentita gratitudine per averci regalato uno spazio creativo tutto per noi.<br \/>\nLuci, camera, azione! Finalmente ci siamo: la 19\u00b0 edizione del Celtor e\u0300 qui! Sedetevi comodi e preparatevi a stupirvi.<br \/>\nCari lettori, ancora una volta, carichi di emozioni, idee e progetti, siamo pronti per raccontarvi l\u2019intero anno scolastico, ormai arrivato ai suoi ultimi giorni.<\/p>\n<p>&nbsp;<\/p>\n<p><strong><br \/>\n<a href=\"https:\/\/www.cellinifirenze.edu.it\/wp-content\/uploads\/2024\/08\/Celtor-18.pdf\"><img loading=\"lazy\" decoding=\"async\" class=\"alignleft wp-image-614 size-thumbnail\" src=\"https:\/\/www.cellinifirenze.edu.it\/wp-content\/uploads\/2024\/08\/Icona-Celtor-18-150x150.webp\" alt=\"Copertina celtor N\u00b018\" width=\"150\" height=\"150\" srcset=\"https:\/\/www.cellinifirenze.edu.it\/wp-content\/uploads\/2024\/08\/Icona-Celtor-18-150x150.webp 150w, https:\/\/www.cellinifirenze.edu.it\/wp-content\/uploads\/2024\/08\/Icona-Celtor-18-280x280.webp 280w, https:\/\/www.cellinifirenze.edu.it\/wp-content\/uploads\/2024\/08\/Icona-Celtor-18-250x250.webp 250w, https:\/\/www.cellinifirenze.edu.it\/wp-content\/uploads\/2024\/08\/Icona-Celtor-18.webp 300w\" sizes=\"auto, (max-width: 150px) 100vw, 150px\" \/><\/a>Celtor N\u00b018 \u2013 <\/strong>Questa volta la nostra rivista \u00e8 dedicata alla creativit\u00e0, ai talenti e alle passioni che ci accompagnano ogni giorno, ma anche alle attivit\u00e0 scolastiche che pi\u00f9 ci sono piaciute, che ci hanno fatto rovistare nei meandri delle nostre menti e hanno reso quest\u2019anno scolastico pi\u00f9 piacevole, divertente e unico. Musica, cinema e fotografia, che gironzolano sempre nelle nostre teste e nelle quali ci imbattiamo quotidianamente, sono state le attivit\u00e0 a cui abbiamo deciso di dedicare spazio perch\u00e9 sono quelle che pi\u00f9 stimolano la nostra creativit\u00e0.<\/p>\n<p>&nbsp;<\/p>\n<p>&nbsp;<\/p>\n<p><a href=\"https:\/\/www.cellinifirenze.edu.it\/wp-content\/uploads\/2024\/08\/Celtor-17.pdf\"><img loading=\"lazy\" decoding=\"async\" class=\"alignleft wp-image-615 size-thumbnail\" src=\"https:\/\/www.cellinifirenze.edu.it\/wp-content\/uploads\/2024\/08\/Icona-Celtor-17-150x150.webp\" alt=\"Copertina Celtor N\u00b017\" width=\"150\" height=\"150\" srcset=\"https:\/\/www.cellinifirenze.edu.it\/wp-content\/uploads\/2024\/08\/Icona-Celtor-17-150x150.webp 150w, https:\/\/www.cellinifirenze.edu.it\/wp-content\/uploads\/2024\/08\/Icona-Celtor-17-280x280.webp 280w, https:\/\/www.cellinifirenze.edu.it\/wp-content\/uploads\/2024\/08\/Icona-Celtor-17-250x250.webp 250w, https:\/\/www.cellinifirenze.edu.it\/wp-content\/uploads\/2024\/08\/Icona-Celtor-17.webp 300w\" sizes=\"auto, (max-width: 150px) 100vw, 150px\" \/><\/a><strong>Celtor N\u00b017<\/strong> \u2013 In questo numero \u201c17\u201d, abbiamo deciso di trattare insieme due macro argomenti molto vicini a noi ragazzi e tra loro collegati: la sessualit\u00e0 e l\u2019affettivit\u00e0 e tutti i temi a questi connessi, come l\u2019identit\u00e0 di genere, la violenza sulle donne, l\u2019omotransfobia, ma anche l\u2019adolescenza, le relazioni e il sesso. Nelle nostre pagine troverete anche riferimenti ad alcuni tra i pi\u00f9 comuni disagi adolescenziali, come i disturbi alimentari, varie forme di dipendenza e informazioni sui servizi del territorio che se ne occupano.<\/p>\n<p>&nbsp;<\/p>\n<p>&nbsp;<\/p>\n<p><a href=\"https:\/\/www.cellinifirenze.edu.it\/wp-content\/uploads\/2024\/08\/Celtor-16.pdf\"><img loading=\"lazy\" decoding=\"async\" class=\"wp-image-616 size-thumbnail alignleft\" src=\"https:\/\/www.cellinifirenze.edu.it\/wp-content\/uploads\/2024\/08\/Icona-Celtor-16-150x150.webp\" alt=\"Copertina Celtor N\u00b016\" width=\"150\" height=\"150\" srcset=\"https:\/\/www.cellinifirenze.edu.it\/wp-content\/uploads\/2024\/08\/Icona-Celtor-16-150x150.webp 150w, https:\/\/www.cellinifirenze.edu.it\/wp-content\/uploads\/2024\/08\/Icona-Celtor-16-280x280.webp 280w, https:\/\/www.cellinifirenze.edu.it\/wp-content\/uploads\/2024\/08\/Icona-Celtor-16-250x250.webp 250w, https:\/\/www.cellinifirenze.edu.it\/wp-content\/uploads\/2024\/08\/Icona-Celtor-16.webp 300w\" sizes=\"auto, (max-width: 150px) 100vw, 150px\" \/><\/a><strong>Celtor N\u00b016<\/strong> \u2013 In queste pagine vi offriremo una visione globale della nostra scuola. Siamo partiti analizzando ogni singolo indirizzo, elencando per ognuno le materie da studiare nel biennio e nel triennio, fino a suggerire i possibili percorsi che \u00e8 possibile intraprendere dopo la Maturit\u00e0. Bisogna sapere inoltre che la scuola offre la possibilit\u00e0 di partecipare a molteplici attivit\u00e0<br \/>\nextrascolastiche, come ad esempio corsi di Lingua inglese o di Robotica, che sono molto gettonati tra ragazzi perch\u00e9 offrono un\u2019opportunit\u00e0 di approfondimento e di formazione.<\/p>\n<p>&nbsp;<\/p>\n<p>&nbsp;<\/p>\n<p><a href=\"https:\/\/www.cellinifirenze.edu.it\/wp-content\/uploads\/2024\/08\/Celtor-15.pdf\"><img loading=\"lazy\" decoding=\"async\" class=\"alignleft wp-image-617 size-thumbnail\" src=\"https:\/\/www.cellinifirenze.edu.it\/wp-content\/uploads\/2024\/08\/Icona-Celtor-15-150x150.webp\" alt=\"Copertina Celtor N\u00b015\" width=\"150\" height=\"150\" srcset=\"https:\/\/www.cellinifirenze.edu.it\/wp-content\/uploads\/2024\/08\/Icona-Celtor-15-150x150.webp 150w, https:\/\/www.cellinifirenze.edu.it\/wp-content\/uploads\/2024\/08\/Icona-Celtor-15-280x280.webp 280w, https:\/\/www.cellinifirenze.edu.it\/wp-content\/uploads\/2024\/08\/Icona-Celtor-15-250x250.webp 250w, https:\/\/www.cellinifirenze.edu.it\/wp-content\/uploads\/2024\/08\/Icona-Celtor-15.webp 300w\" sizes=\"auto, (max-width: 150px) 100vw, 150px\" \/><\/a><strong>Celtor N\u00b015<\/strong> \u2013 Vi abbiamo fatto aspettare, ma non scoraggiatevi perch\u00e9 in questa magnifica edizione vi racconteremo tutto ci\u00f2 che i ragazzi del Cellini Tornabuoni hanno provato, sognato e sperimentato nell\u2019anno pi\u00f9 assurdo e difficile della storia! Tra milioni di lettere degli studenti, abbiamo selezionato quelle che mostrano in particolare le grandi preoccupazioni che abbiamo provato e tutto il caos che si \u00e8 insediato nelle nostre vite negli ultimi mesi. Abbiamo voluto rendervi partecipi del nostro vissuto e abbiamo fatto del nostro meglio per farvi sentire a vostro agio tra le pagine del Celtor, che troverete sempre condite con tanta ironia e vibranti di emozioni.<\/p>\n<p>&nbsp;<\/p>\n<p><strong><br \/>\n<a href=\"https:\/\/www.cellinifirenze.edu.it\/wp-content\/uploads\/2024\/08\/Celtor-14.pdf\"><img loading=\"lazy\" decoding=\"async\" class=\"alignleft wp-image-618 size-thumbnail\" src=\"https:\/\/www.cellinifirenze.edu.it\/wp-content\/uploads\/2024\/08\/Icona-Celtor-14-150x150.webp\" alt=\"Copertina Celtor N\u00b014\" width=\"150\" height=\"150\" srcset=\"https:\/\/www.cellinifirenze.edu.it\/wp-content\/uploads\/2024\/08\/Icona-Celtor-14-150x150.webp 150w, https:\/\/www.cellinifirenze.edu.it\/wp-content\/uploads\/2024\/08\/Icona-Celtor-14-280x280.webp 280w, https:\/\/www.cellinifirenze.edu.it\/wp-content\/uploads\/2024\/08\/Icona-Celtor-14-250x250.webp 250w, https:\/\/www.cellinifirenze.edu.it\/wp-content\/uploads\/2024\/08\/Icona-Celtor-14.webp 300w\" sizes=\"auto, (max-width: 150px) 100vw, 150px\" \/><\/a>Celtor N\u00b014<\/strong>\u00a0\u2013 Pensavate che una pandemia mondiale potesse fermare la rinnovata redazione del CelTor? All\u2019inizio di marzo, c\u2019\u00e8 stata la sospensione scolastica a causa dell\u2019emergenza coronavirus, e tutto si \u00e8 fermato, ma non la redazione che ha ripreso a lavorare per mezzo delle aule virtuali sul nostro nuovo amico Microsoft Teams.Lo abbiamo fatto anche perch\u00e9 volevamo condividere con voi questa edizione green del CelTor, interamente dedicata all\u2019ambiente e alla sostenibilit\u00e0.<\/p>\n<p>&nbsp;<\/p>\n<p>&nbsp;<\/p>\n<p><a href=\"https:\/\/www.cellinifirenze.edu.it\/wp-content\/uploads\/2024\/08\/CELTOR-13.pdf\"><img loading=\"lazy\" decoding=\"async\" class=\"alignleft wp-image-619 size-thumbnail\" src=\"https:\/\/www.cellinifirenze.edu.it\/wp-content\/uploads\/2024\/08\/Icona-Celtor-13-150x150.webp\" alt=\"Copertina Celtor N\u00b013\" width=\"150\" height=\"150\" srcset=\"https:\/\/www.cellinifirenze.edu.it\/wp-content\/uploads\/2024\/08\/Icona-Celtor-13-150x150.webp 150w, https:\/\/www.cellinifirenze.edu.it\/wp-content\/uploads\/2024\/08\/Icona-Celtor-13-280x280.webp 280w, https:\/\/www.cellinifirenze.edu.it\/wp-content\/uploads\/2024\/08\/Icona-Celtor-13-250x250.webp 250w, https:\/\/www.cellinifirenze.edu.it\/wp-content\/uploads\/2024\/08\/Icona-Celtor-13.webp 300w\" sizes=\"auto, (max-width: 150px) 100vw, 150px\" \/><\/a><strong>Celtor N\u00b013<\/strong>\u00a0\u2013 Ci avevate dati per di spersi? Vittime del sortilegio del Celtor numero 13 ? E invece no: abbiamo sfidato la sorte. Ed eccoci qua. Pronti a mostrarvi pi\u00f9 di una novit\u00e0. Ammettiamo che non \u00e8 stato facile e che qualche difficolt\u00e0, strada facendo, c\u2019\u00e8 stata: infatti, siamo andati in stampa con un certo ritardo. Ma non abbiamo mollato e siamo tornati per stupirvi con una raffica di articoli su moda, musica, mostre e poi le nostre scelte tv per passare il tempo libero e, soprattutto, il nostro nuovissimo burgeroscopo, che non potete proprio perdere.<\/p>\n<p>&nbsp;<\/p>\n<p>&nbsp;<\/p>\n<p>&nbsp;<\/p>\n<p>&nbsp;<\/p>\n","protected":false},"excerpt":{"rendered":"<p>Celtor 20 Caro lettore, se stai leggendo queste parole, vuol dire che stringi fra le mani o osservi sul sito la 20esima edizione del Celtor, il giornale che ormai da molto tempo lascia spazio alle alunne [&hellip;]<\/p>\n","protected":false},"author":13,"featured_media":0,"parent":0,"menu_order":0,"comment_status":"closed","ping_status":"closed","template":"","meta":{"footnotes":""},"tags":[322,349],"class_list":["post-418","page","type-page","status-publish","hentry","tag-alunni","tag-giornale-scolastico"],"_links":{"self":[{"href":"https:\/\/www.cellinifirenze.edu.it\/index.php\/wp-json\/wp\/v2\/pages\/418","targetHints":{"allow":["GET"]}}],"collection":[{"href":"https:\/\/www.cellinifirenze.edu.it\/index.php\/wp-json\/wp\/v2\/pages"}],"about":[{"href":"https:\/\/www.cellinifirenze.edu.it\/index.php\/wp-json\/wp\/v2\/types\/page"}],"author":[{"embeddable":true,"href":"https:\/\/www.cellinifirenze.edu.it\/index.php\/wp-json\/wp\/v2\/users\/13"}],"replies":[{"embeddable":true,"href":"https:\/\/www.cellinifirenze.edu.it\/index.php\/wp-json\/wp\/v2\/comments?post=418"}],"version-history":[{"count":45,"href":"https:\/\/www.cellinifirenze.edu.it\/index.php\/wp-json\/wp\/v2\/pages\/418\/revisions"}],"predecessor-version":[{"id":1345,"href":"https:\/\/www.cellinifirenze.edu.it\/index.php\/wp-json\/wp\/v2\/pages\/418\/revisions\/1345"}],"wp:attachment":[{"href":"https:\/\/www.cellinifirenze.edu.it\/index.php\/wp-json\/wp\/v2\/media?parent=418"}],"wp:term":[{"taxonomy":"post_tag","embeddable":true,"href":"https:\/\/www.cellinifirenze.edu.it\/index.php\/wp-json\/wp\/v2\/tags?post=418"}],"curies":[{"name":"wp","href":"https:\/\/api.w.org\/{rel}","templated":true}]}}